{"id":233,"date":"2014-02-25T11:48:36","date_gmt":"2014-02-25T10:48:36","guid":{"rendered":"http:\/\/www.max-weber-berufskolleg.de\/web\/?page_id=233"},"modified":"2024-12-10T08:41:59","modified_gmt":"2024-12-10T07:41:59","slug":"ima","status":"publish","type":"page","link":"https:\/\/www.max-weber-berufskolleg.de\/web\/allgemeine-schulinfos\/ima\/","title":{"rendered":"IM\/A"},"content":{"rendered":"<table class=\" alignleft\" style=\"width: 100%;\" border=\"0\" width=\"100%\" cellspacing=\"0\">\n<tbody>\n<tr>\n<td style=\"width: 68%; text-align: left; vertical-align: top;\" width=\"68%\"><strong>Zusatzqualifikation Internationales Marketing \/ Au\u00dfenhandel<\/strong>Seit dem Schuljahr 2013\/14 bietet das Max-Weber-Berufskolleg in Kooperation mit der <a href=\"http:\/\/www.duesseldorf.ihk.de\/\">IHK D\u00fcsseldorf<\/a> jeweils f\u00fcr die neu beginnenden Auszubildenden der B\u00fcroberufe die zwei-j\u00e4hrige Zusatzqualifikation Internationales Marketing \/ Au\u00dfenhandel an.<\/td>\n<td style=\"width: 32%; text-align: right; vertical-align: top;\" width=\"32%\"><img loading=\"lazy\" decoding=\"async\" src=\"https:\/\/i0.wp.com\/www.max-weber-berufskolleg.de\/web\/wp-content\/uploads\/2014\/06\/europaflagge.png?resize=208%2C198&#038;ssl=1\" alt=\"\" width=\"208\" height=\"198\" data-recalc-dims=\"1\" \/><\/td>\n<\/tr>\n<\/tbody>\n<\/table>\n<p>&nbsp;<\/p>\n<p><a href=\"https:\/\/i0.wp.com\/www.max-weber-berufskolleg.de\/web\/wp-content\/uploads\/2014\/02\/ima.png?ssl=1\"><img loading=\"lazy\" decoding=\"async\" data-attachment-id=\"557\" data-permalink=\"https:\/\/www.max-weber-berufskolleg.de\/web\/allgemeine-schulinfos\/ima\/ima-2\/\" data-orig-file=\"https:\/\/i0.wp.com\/www.max-weber-berufskolleg.de\/web\/wp-content\/uploads\/2014\/02\/ima.png?fit=915%2C663&amp;ssl=1\" data-orig-size=\"915,663\" data-comments-opened=\"1\" data-image-meta=\"{&quot;aperture&quot;:&quot;0&quot;,&quot;credit&quot;:&quot;&quot;,&quot;camera&quot;:&quot;&quot;,&quot;caption&quot;:&quot;&quot;,&quot;created_timestamp&quot;:&quot;0&quot;,&quot;copyright&quot;:&quot;&quot;,&quot;focal_length&quot;:&quot;0&quot;,&quot;iso&quot;:&quot;0&quot;,&quot;shutter_speed&quot;:&quot;0&quot;,&quot;title&quot;:&quot;&quot;}\" data-image-title=\"ima\" data-image-description=\"\" data-image-caption=\"\" data-medium-file=\"https:\/\/i0.wp.com\/www.max-weber-berufskolleg.de\/web\/wp-content\/uploads\/2014\/02\/ima.png?fit=300%2C217&amp;ssl=1\" data-large-file=\"https:\/\/i0.wp.com\/www.max-weber-berufskolleg.de\/web\/wp-content\/uploads\/2014\/02\/ima.png?fit=915%2C663&amp;ssl=1\" class=\"aligncenter size-full wp-image-557\" src=\"https:\/\/i0.wp.com\/www.max-weber-berufskolleg.de\/web\/wp-content\/uploads\/2014\/02\/ima.png?resize=915%2C663&#038;ssl=1\" alt=\"ima\" width=\"915\" height=\"663\" srcset=\"https:\/\/i0.wp.com\/www.max-weber-berufskolleg.de\/web\/wp-content\/uploads\/2014\/02\/ima.png?w=915&amp;ssl=1 915w, https:\/\/i0.wp.com\/www.max-weber-berufskolleg.de\/web\/wp-content\/uploads\/2014\/02\/ima.png?resize=300%2C217&amp;ssl=1 300w\" sizes=\"auto, (max-width: 915px) 100vw, 915px\" data-recalc-dims=\"1\" \/><\/a><\/p>\n<p><strong>Weitere Informationen:<\/strong><\/p>\n<ul>\n<li>Die Zusatzqualifikation umfasst vier Schulstunden pro Woche.<\/li>\n<li>Das Max-Weber-Berufskolleg beantragt Zusch\u00fcsse bei der Europ\u00e4ischen Union zur finanziellen Unterst\u00fctzung w\u00e4hrend des Auslandspraktikums. Infos hierzu auch <a title=\"Auslandspraktika\" href=\"https:\/\/mwbk-international.de\" target=\"_blank\" rel=\"noopener\">hier<\/a>.<\/li>\n<li>Als Abschluss der Zusatzqualifikation ist eine Pr\u00fcfung bei der IHK D\u00fcsseldorf m\u00f6glich.<\/li>\n<li>Unser<a href=\"https:\/\/www.max-weber-berufskolleg.de\/web\/wp-content\/uploads\/2018\/02\/2018_IMA.pdf\" target=\"_blank\" rel=\"noopener noreferrer\"> aktueller Flyer ist hier!<\/a><\/li>\n<\/ul>\n<h4>Gr\u00fcnde f\u00fcr die Zusatzqualifikation Internationales Marketing\/Au\u00dfenhandel:<\/h4>\n<p><a href=\"https:\/\/i0.wp.com\/www.max-weber-berufskolleg.de\/web\/wp-content\/uploads\/2014\/02\/ima2.png?ssl=1\"><img loading=\"lazy\" decoding=\"async\" data-attachment-id=\"558\" data-permalink=\"https:\/\/www.max-weber-berufskolleg.de\/web\/allgemeine-schulinfos\/ima\/ima2\/\" data-orig-file=\"https:\/\/i0.wp.com\/www.max-weber-berufskolleg.de\/web\/wp-content\/uploads\/2014\/02\/ima2.png?fit=738%2C645&amp;ssl=1\" data-orig-size=\"738,645\" data-comments-opened=\"1\" data-image-meta=\"{&quot;aperture&quot;:&quot;0&quot;,&quot;credit&quot;:&quot;&quot;,&quot;camera&quot;:&quot;&quot;,&quot;caption&quot;:&quot;&quot;,&quot;created_timestamp&quot;:&quot;0&quot;,&quot;copyright&quot;:&quot;&quot;,&quot;focal_length&quot;:&quot;0&quot;,&quot;iso&quot;:&quot;0&quot;,&quot;shutter_speed&quot;:&quot;0&quot;,&quot;title&quot;:&quot;&quot;}\" data-image-title=\"ima2\" data-image-description=\"\" data-image-caption=\"\" data-medium-file=\"https:\/\/i0.wp.com\/www.max-weber-berufskolleg.de\/web\/wp-content\/uploads\/2014\/02\/ima2.png?fit=300%2C262&amp;ssl=1\" data-large-file=\"https:\/\/i0.wp.com\/www.max-weber-berufskolleg.de\/web\/wp-content\/uploads\/2014\/02\/ima2.png?fit=738%2C645&amp;ssl=1\" class=\"aligncenter size-full wp-image-558\" src=\"https:\/\/i0.wp.com\/www.max-weber-berufskolleg.de\/web\/wp-content\/uploads\/2014\/02\/ima2.png?resize=738%2C645&#038;ssl=1\" alt=\"ima2\" width=\"738\" height=\"645\" srcset=\"https:\/\/i0.wp.com\/www.max-weber-berufskolleg.de\/web\/wp-content\/uploads\/2014\/02\/ima2.png?w=738&amp;ssl=1 738w, https:\/\/i0.wp.com\/www.max-weber-berufskolleg.de\/web\/wp-content\/uploads\/2014\/02\/ima2.png?resize=300%2C262&amp;ssl=1 300w\" sizes=\"auto, (max-width: 738px) 100vw, 738px\" data-recalc-dims=\"1\" \/><\/a><\/p>\n<p>Bei Fragen kontaktieren Sie Herrs Denis, Email: \u00a0ima@mwbk.nrw.schule<\/p>\n<p>&nbsp;<\/p>\n<div class=\"twoclick_social_bookmarks_post_233 social_share_privacy clearfix 1.6.4 locale-de_DE sprite-de_DE\"><\/div><div class=\"twoclick-js\"><script type=\"text\/javascript\">\/* <![CDATA[ *\/\njQuery(document).ready(function($){if($('.twoclick_social_bookmarks_post_233')){$('.twoclick_social_bookmarks_post_233').socialSharePrivacy({\"services\":{\"facebook\":{\"status\":\"on\",\"txt_info\":\"2 Klicks f\\u00fcr mehr Datenschutz: Erst wenn Sie hier klicken, wird der Button aktiv und Sie k\\u00f6nnen Ihre Empfehlung an Facebook senden. Schon beim Aktivieren werden Daten an Dritte \\u00fcbertragen - siehe <em>i<\\\/em>.\",\"perma_option\":\"off\",\"action\":\"recommend\",\"language\":\"de_DE\"},\"twitter\":{\"reply_to\":\"\",\"tweet_text\":\"IM%2FA%20%C2%BB%20MWBK%20D%C3%BCsseldorf\",\"status\":\"on\",\"txt_info\":\"2 Klicks f\\u00fcr mehr Datenschutz: Erst wenn Sie hier klicken, wird der Button aktiv und Sie k\\u00f6nnen Ihre Empfehlung an Twitter senden. Schon beim Aktivieren werden Daten an Dritte \\u00fcbertragen - siehe <em>i<\\\/em>.\",\"perma_option\":\"off\",\"language\":\"de\",\"referrer_track\":\"\"}},\"txt_help\":\"Wenn Sie diese Felder durch einen Klick aktivieren, werden Informationen an Facebook, Twitter, Flattr, Xing, t3n, LinkedIn, Pinterest oder Google eventuell ins Ausland \\u00fcbertragen und unter Umst\\u00e4nden auch dort gespeichert. N\\u00e4heres erfahren Sie durch einen Klick auf das <em>i<\\\/em>.\",\"settings_perma\":\"Dauerhaft aktivieren und Daten\\u00fcber-tragung zustimmen:\",\"info_link\":\"http:\\\/\\\/www.heise.de\\\/ct\\\/artikel\\\/2-Klicks-fuer-mehr-Datenschutz-1333879.html\",\"uri\":\"https:\\\/\\\/www.max-weber-berufskolleg.de\\\/web\\\/allgemeine-schulinfos\\\/ima\\\/\",\"post_id\":233,\"post_title_referrer_track\":\"IM%2FA\",\"display_infobox\":\"on\"});}});\n\/* ]]> *\/<\/script><\/div>","protected":false},"excerpt":{"rendered":"<p>Zusatzqualifikation Internationales Marketing \/ Au\u00dfenhandelSeit dem Schuljahr 2013\/14 bietet das Max-Weber-Berufskolleg in Kooperation mit der IHK D\u00fcsseldorf jeweils f\u00fcr die neu beginnenden Auszubildenden der B\u00fcroberufe die zwei-j\u00e4hrige Zusatzqualifikation Internationales Marketing \/ Au\u00dfenhandel an. &nbsp; Weitere Informationen: Die Zusatzqualifikation umfasst vier Schulstunden pro Woche. Das Max-Weber-Berufskolleg beantragt Zusch\u00fcsse bei der Europ\u00e4ischen Union zur finanziellen Unterst\u00fctzung w\u00e4hrend &#8230;<a class=\"post-readmore\" href=\"https:\/\/www.max-weber-berufskolleg.de\/web\/allgemeine-schulinfos\/ima\/\">read more<\/a><\/p>\n","protected":false},"author":9,"featured_media":0,"parent":23,"menu_order":2,"comment_status":"closed","ping_status":"open","template":"","meta":{"jetpack_post_was_ever_published":false,"footnotes":"","_expiration-date-status":"","_expiration-date":0,"_expiration-date-type":"","_expiration-date-categories":[],"_expiration-date-options":[]},"class_list":["post-233","page","type-page","status-publish","hentry"],"jetpack-related-posts":[{"id":7048,"url":"https:\/\/www.max-weber-berufskolleg.de\/web\/zusatzqualifikation-internationales-marketing-asien\/","url_meta":{"origin":233,"position":0},"title":"Zusatzqualifikation: Internationales Marketing \/ Asien","date":"16. M\u00e4rz 2022","format":false,"excerpt":"Die Zusammenarbeit zwischen Europa und Asien gewinnt immer mehr an Bedeutung. Das Max-Weber-Berufskolleg wirkt dabei mit, neue Br\u00fccken der Freundschaft und Kooperationen zwischen Europa und Asien aufzubauen. Wir f\u00f6rdern u. a. den Austausch in den Bereichen Bildung, Wirtschaft und Kultur. In unseren Pr\u00e4senz- und Online-Kursen bereiten wir unsere Sch\u00fcler:innen individuell\u2026","rel":"","context":"\u00c4hnlicher Beitrag","img":{"alt_text":"","src":"https:\/\/i0.wp.com\/www.max-weber-berufskolleg.de\/web\/wp-content\/uploads\/2022\/03\/Chinesisch-1024x580.png?resize=350%2C200&ssl=1","width":350,"height":200},"classes":[]},{"id":5676,"url":"https:\/\/www.max-weber-berufskolleg.de\/web\/zusatzqualifikation-internationale-berufliche-mobilitaet\/","url_meta":{"origin":233,"position":1},"title":"Zusatzqualifikation: Internationale berufliche Mobilit\u00e4t","date":"17. August 2020","format":false,"excerpt":"Das Max-Weber-Berufskolleg hat es sich zu einem zentralen Ziel gesetzt, die europ\u00e4ische berufliche Bildung zu st\u00e4rken, die internationale Ausbildungsqualit\u00e4t zu vertiefen und berufliche Kompetenzen f\u00fcr die Besch\u00e4ftigungsf\u00e4higkeit der Sch\u00fcler*innen und Auszubildenden zu erh\u00f6hen. Die zunehmende Digitalisierung und Globalisierung in Gesellschaft und Wirtschaft hat Auswirkungen auf unser Lernen und Arbeiten. Globalisierung,\u2026","rel":"","context":"\u00c4hnlicher Beitrag","img":{"alt_text":"","src":"https:\/\/i0.wp.com\/www.max-weber-berufskolleg.de\/web\/wp-content\/uploads\/2022\/08\/Zusatzqualifikation.png?resize=350%2C200&ssl=1","width":350,"height":200},"classes":[]},{"id":2469,"url":"https:\/\/www.max-weber-berufskolleg.de\/web\/zq-internationales-marketingaussenhandel\/","url_meta":{"origin":233,"position":2},"title":"ZQ Internationales Marketing\/Au\u00dfenhandel","date":"15. Mai 2017","format":false,"excerpt":"F\u00fcr Bildungsg\u00e4nge: Kaufmann\/-frau f\u00fcr B\u00fcromanagement (Teilzeit) Dauer: 2 Jahre Pr\u00fcfung: Vor der IHK zu D\u00fcsseldorf m\u00f6glich, einmal j\u00e4hrlich Ansprechpartner: Nick Denis und Andrea Wied (ima@mwbk.nrw.schule) In einer immer st\u00e4rker zusammenwachsenden Welt werden auch f\u00fcr Auszubildende Kompetenzen wichtiger, die sie zum einen f\u00fcr die internationale Arbeitswelt vorbereiten und zum anderen aus\u2026","rel":"","context":"\u00c4hnlicher Beitrag","img":{"alt_text":"","src":"","width":0,"height":0},"classes":[]},{"id":7051,"url":"https:\/\/www.max-weber-berufskolleg.de\/web\/zq-internationales-marketing-asien\/","url_meta":{"origin":233,"position":3},"title":"ZQ Internationales Marketing\/Asien","date":"16. M\u00e4rz 2022","format":false,"excerpt":"Die Zusammenarbeit zwischen Europa und Asien gewinnt immer mehr an Bedeutung. Das Max-Weber-Berufskolleg wirkt dabei mit, neue Br\u00fccken der Freundschaft und Kooperationen zwischen Europa und Asien aufzubauen. Wir f\u00f6rdern u. a. den Austausch in den Bereichen Bildung, Wirtschaft und Kultur. In unseren Pr\u00e4senz- und Online-Kursen bereiten wir unsere Sch\u00fcler:innen individuell\u2026","rel":"","context":"\u00c4hnlicher Beitrag","img":{"alt_text":"","src":"https:\/\/i0.wp.com\/www.max-weber-berufskolleg.de\/web\/wp-content\/uploads\/2022\/03\/Chinesisch-1024x580.png?resize=350%2C200&ssl=1","width":350,"height":200},"classes":[]},{"id":2466,"url":"https:\/\/www.max-weber-berufskolleg.de\/web\/uebersicht-zusatzqualifikationen\/","url_meta":{"origin":233,"position":4},"title":"\u00dcbersicht Zusatzqualifikationen","date":"16. Mai 2017","format":false,"excerpt":"Art der Zusatzqualifikation Ansprechpartner ZQ Networking Essentials ZQ Introduction to IoT ZQ Cybersecurity Essentials Herr Denis, Herr L\u00fcdemann ZQ Internationales Marketing\/Au\u00dfenhandel Herr Denis, Frau Wied ZQ Digitalf\u00fchrerschein (DiF\u00fc) Herr Denis ZQ Chinesisch (A1) Herr M\u00f6hlmeier ZQ DELF (pro) Frau Wied Doppelqualifikation FHR und Ausbildung Frau Stock ZQ KMK Fremdsprachenzertifikat Englisch\u2026","rel":"","context":"\u00c4hnlicher Beitrag","img":{"alt_text":"","src":"","width":0,"height":0},"classes":[]},{"id":132,"url":"https:\/\/www.max-weber-berufskolleg.de\/web\/bildungsangebot\/berufsschule\/kaufleute-fuer-bueromanagement\/","url_meta":{"origin":233,"position":5},"title":"Kaufleute f\u00fcr B\u00fcromanagement","date":"5. Dezember 2013","format":false,"excerpt":"Beruf Kaufleute f\u00fcr B\u00fcromanagement organisieren und bearbeiten b\u00fcrowirtschaftliche Aufgaben. Au\u00dferdem erledigen sie kaufm\u00e4nnische T\u00e4tigkeiten in Bereichen wie Auftragsbearbeitung, Beschaffung, Rechnungswesen, Marketing und Personalverwaltung. (...) Kaufleute f\u00fcr B\u00fcromanagement finden Besch\u00e4ftigung in Unternehmen nahezu aller Wirtschaftsbereiche in der \u00f6ffentlichen Verwaltung bei Verb\u00e4nden, Organisationen und Interessenvertretungen. Quelle:\u00a0https:\/\/berufenet.arbeitsagentur.de\/ Ausbildung Die Ausbildung erfolgt regelm\u00e4\u00dfig\u00a0im Ausbildungsbetrieb\u2026","rel":"","context":"\u00c4hnlicher Beitrag","img":{"alt_text":"","src":"","width":0,"height":0},"classes":[]}],"jetpack_sharing_enabled":true,"_links":{"self":[{"href":"https:\/\/www.max-weber-berufskolleg.de\/web\/wp-json\/wp\/v2\/pages\/233","targetHints":{"allow":["GET"]}}],"collection":[{"href":"https:\/\/www.max-weber-berufskolleg.de\/web\/wp-json\/wp\/v2\/pages"}],"about":[{"href":"https:\/\/www.max-weber-berufskolleg.de\/web\/wp-json\/wp\/v2\/types\/page"}],"author":[{"embeddable":true,"href":"https:\/\/www.max-weber-berufskolleg.de\/web\/wp-json\/wp\/v2\/users\/9"}],"replies":[{"embeddable":true,"href":"https:\/\/www.max-weber-berufskolleg.de\/web\/wp-json\/wp\/v2\/comments?post=233"}],"version-history":[{"count":12,"href":"https:\/\/www.max-weber-berufskolleg.de\/web\/wp-json\/wp\/v2\/pages\/233\/revisions"}],"predecessor-version":[{"id":8988,"href":"https:\/\/www.max-weber-berufskolleg.de\/web\/wp-json\/wp\/v2\/pages\/233\/revisions\/8988"}],"up":[{"embeddable":true,"href":"https:\/\/www.max-weber-berufskolleg.de\/web\/wp-json\/wp\/v2\/pages\/23"}],"wp:attachment":[{"href":"https:\/\/www.max-weber-berufskolleg.de\/web\/wp-json\/wp\/v2\/media?parent=233"}],"curies":[{"name":"wp","href":"https:\/\/api.w.org\/{rel}","templated":true}]}}