{"id":5872,"date":"2020-11-05T15:24:44","date_gmt":"2020-11-05T14:24:44","guid":{"rendered":"https:\/\/www.max-weber-berufskolleg.de\/web\/?page_id=5872"},"modified":"2024-01-26T08:51:43","modified_gmt":"2024-01-26T07:51:43","slug":"laufbahnberatung","status":"publish","type":"page","link":"https:\/\/www.max-weber-berufskolleg.de\/web\/laufbahnberatung\/","title":{"rendered":"Laufbahnberatung"},"content":{"rendered":"<p>Liebe Sch\u00fclerinnen und Sch\u00fcler,<\/p>\n<p>die Zeit geht so schnell vorbei und schwups schon sind es ggf. nur noch wenige Monate bis zu Ihrem Abschluss.<\/p>\n<p><strong>Und was folgt danach?<\/strong><\/p>\n<ul>\n<li>\u00dcbernahme des Ausbildungsbetriebs,<\/li>\n<li>ein h\u00f6herer Schulabschluss,<\/li>\n<li>ein Studium, oder, oder,<\/li>\n<li>oder?<\/li>\n<\/ul>\n<p>M\u00f6glichkeiten gibt es viele, doch die passende L\u00f6sung f\u00fcr die individuellen Bed\u00fcrfnisse zu finden, ist nicht so leicht.<\/p>\n<p>Ich helfe Ihnen dabei!<\/p>\n<p>F\u00fcr weiterf\u00fchrende Informationen, schauen Sie doch einfach mal in unseren interaktiven Guide \u201eLaufbahnberatung am MWBK\u201c <a href=\"https:\/\/view.genial.ly\/5f65ff1f79626a0d7128d61d\/guide-laufbahnberatung-am-mwbkfinal\" target=\"_blank\" rel=\"noopener noreferrer\"><img loading=\"lazy\" decoding=\"async\" data-attachment-id=\"5955\" data-permalink=\"https:\/\/www.max-weber-berufskolleg.de\/web\/laufbahnberatung\/laufbahnberatung-2\/\" data-orig-file=\"https:\/\/i0.wp.com\/www.max-weber-berufskolleg.de\/web\/wp-content\/uploads\/2020\/11\/Laufbahnberatung.jpg?fit=763%2C473&amp;ssl=1\" data-orig-size=\"763,473\" data-comments-opened=\"1\" data-image-meta=\"{&quot;aperture&quot;:&quot;0&quot;,&quot;credit&quot;:&quot;&quot;,&quot;camera&quot;:&quot;&quot;,&quot;caption&quot;:&quot;&quot;,&quot;created_timestamp&quot;:&quot;0&quot;,&quot;copyright&quot;:&quot;&quot;,&quot;focal_length&quot;:&quot;0&quot;,&quot;iso&quot;:&quot;0&quot;,&quot;shutter_speed&quot;:&quot;0&quot;,&quot;title&quot;:&quot;&quot;,&quot;orientation&quot;:&quot;1&quot;}\" data-image-title=\"Laufbahnberatung\" data-image-description=\"\" data-image-caption=\"\" data-medium-file=\"https:\/\/i0.wp.com\/www.max-weber-berufskolleg.de\/web\/wp-content\/uploads\/2020\/11\/Laufbahnberatung.jpg?fit=300%2C186&amp;ssl=1\" data-large-file=\"https:\/\/i0.wp.com\/www.max-weber-berufskolleg.de\/web\/wp-content\/uploads\/2020\/11\/Laufbahnberatung.jpg?fit=763%2C473&amp;ssl=1\" class=\"aligncenter wp-image-5955\" src=\"https:\/\/i0.wp.com\/www.max-weber-berufskolleg.de\/web\/wp-content\/uploads\/2020\/11\/Laufbahnberatung.jpg?resize=313%2C316&#038;ssl=1\" alt=\"\" width=\"313\" height=\"316\" srcset=\"https:\/\/i0.wp.com\/www.max-weber-berufskolleg.de\/web\/wp-content\/uploads\/2020\/11\/Laufbahnberatung.jpg?resize=150%2C150&amp;ssl=1 150w, https:\/\/i0.wp.com\/www.max-weber-berufskolleg.de\/web\/wp-content\/uploads\/2020\/11\/Laufbahnberatung.jpg?zoom=2&amp;resize=313%2C316&amp;ssl=1 626w\" sizes=\"auto, (max-width: 313px) 100vw, 313px\" data-recalc-dims=\"1\" \/><\/a><\/p>\n<p>oder vereinbaren Sie direkt mit mir einen Gespr\u00e4chstermin im Formular unterhalb (Hinweis: wir speichern die Daten nur bis zur Beratung) oder per E-Mail an: berufsorientierung@mwbk.nrw.schule<\/p>\n<ul>\n<li><a href=\"https:\/\/view.genial.ly\/5f65ff1f79626a0d7128d61d\/guide-laufbahnberatung-am-mwbkfinal\" target=\"_blank\" rel=\"noopener noreferrer\">zum interaktiven Guide<\/a> (\u00f6ffnet sich in einem neuen Fenster)<\/li>\n<\/ul>\n<p><strong>Ich freue mich auf Sie!<\/strong><\/p>\n<p>Lena Schorr-Fischer (Studien- und Berufswahlkoordinatorin)<\/p>\n<p>PS: Schauen Sie in unseren Laufbahnkurs f\u00fcr die Berufsschule oder den Vollzeit-Bereich hinein, dort finden Sie auch immer aktuelle Veranstaltungshinweise rund um Ihre Anschlussperspektive und weitere hilfreiche Tipps und Links.<\/p>\n<p>&nbsp;<\/p>\n<h3><strong>Anmeldung f\u00fcr eine pers\u00f6nliche Beratung<\/strong><\/h3>\n\n<div class=\"wpcf7 no-js\" id=\"wpcf7-f5871-o1\" lang=\"de-DE\" dir=\"ltr\">\n<div class=\"screen-reader-response\"><p role=\"status\" aria-live=\"polite\" aria-atomic=\"true\"><\/p> <ul><\/ul><\/div>\n<form action=\"\/web\/wp-json\/wp\/v2\/pages\/5872#wpcf7-f5871-o1\" method=\"post\" class=\"wpcf7-form init\" aria-label=\"Kontaktformular\" novalidate=\"novalidate\" data-status=\"init\">\n<div style=\"display: none;\">\n<input type=\"hidden\" name=\"_wpcf7\" value=\"5871\" \/>\n<input type=\"hidden\" name=\"_wpcf7_version\" value=\"5.7.4\" \/>\n<input type=\"hidden\" name=\"_wpcf7_locale\" value=\"de_DE\" \/>\n<input type=\"hidden\" name=\"_wpcf7_unit_tag\" value=\"wpcf7-f5871-o1\" \/>\n<input type=\"hidden\" name=\"_wpcf7_container_post\" value=\"0\" \/>\n<input type=\"hidden\" name=\"_wpcf7_posted_data_hash\" value=\"\" \/>\n<\/div>\n<p>Anmeldung zur Beratung\n<\/p>\n<p><label> Dein\/Ihr Name:<br \/>\n<span class=\"wpcf7-form-control-wrap\" data-name=\"your-name\"><input size=\"40\" class=\"wpcf7-form-control wpcf7-text wpcf7-validates-as-required\" aria-required=\"true\" aria-invalid=\"false\" value=\"\" type=\"text\" name=\"your-name\" \/><\/span> <\/label>\n<\/p>\n<p><label> Deine\/Ihre E-Mail-Adresse<br \/>\n<span class=\"wpcf7-form-control-wrap\" data-name=\"your-email\"><input size=\"40\" class=\"wpcf7-form-control wpcf7-text wpcf7-email wpcf7-validates-as-required wpcf7-validates-as-email\" aria-required=\"true\" aria-invalid=\"false\" value=\"\" type=\"email\" name=\"your-email\" \/><\/span> <\/label>\n<\/p>\n<p>Vereinbarung Gespr\u00e4chstermin mit dem Interessensschwerpunkt (Zutreffendes bitte ausw\u00e4hlen!)<br \/>\n<span class=\"wpcf7-form-control-wrap\" data-name=\"menu-554\"><select class=\"wpcf7-form-control wpcf7-select wpcf7-validates-as-required\" aria-required=\"true\" aria-invalid=\"false\" name=\"menu-554\"><option value=\"H\u00f6herer Schulabschluss\">H\u00f6herer Schulabschluss<\/option><option value=\"Berufsausbidung (+ mehr)\">Berufsausbidung (+ mehr)<\/option><option value=\"Studium\">Studium<\/option><option value=\"Sonstiges (........)\">Sonstiges (........)<\/option><\/select><\/span>\n<\/p>\n<p>Bitte schildern Sie kurz ihr Anliegen und geben Sie erste m\u00f6gliche Terminvorschl\u00e4ge:<br \/>\n<label> Deine\/Ihre Nachricht:<br \/>\n<span class=\"wpcf7-form-control-wrap\" data-name=\"your-message\"><textarea cols=\"40\" rows=\"10\" class=\"wpcf7-form-control wpcf7-textarea\" aria-invalid=\"false\" name=\"your-message\"><\/textarea><\/span> <\/label>\n<\/p>\n<p>Sie erhalten regelm\u00e4\u00dfig innerhalb der n\u00e4chsten zwei Tage eine Antwort.<br \/>\n<input class=\"wpcf7-form-control has-spinner wpcf7-submit\" type=\"submit\" value=\"Abschicken\" \/>\n<\/p><div class=\"wpcf7-response-output\" aria-hidden=\"true\"><\/div>\n<\/form>\n<\/div>\n\n<div class=\"twoclick_social_bookmarks_post_5872 social_share_privacy clearfix 1.6.4 locale-de_DE sprite-de_DE\"><\/div><div class=\"twoclick-js\"><script type=\"text\/javascript\">\/* <![CDATA[ *\/\njQuery(document).ready(function($){if($('.twoclick_social_bookmarks_post_5872')){$('.twoclick_social_bookmarks_post_5872').socialSharePrivacy({\"services\":{\"facebook\":{\"status\":\"on\",\"txt_info\":\"2 Klicks f\\u00fcr mehr Datenschutz: Erst wenn Sie hier klicken, wird der Button aktiv und Sie k\\u00f6nnen Ihre Empfehlung an Facebook senden. Schon beim Aktivieren werden Daten an Dritte \\u00fcbertragen - siehe <em>i<\\\/em>.\",\"perma_option\":\"off\",\"action\":\"recommend\",\"language\":\"de_DE\"},\"twitter\":{\"reply_to\":\"\",\"tweet_text\":\"Laufbahnberatung%20%C2%BB%20MWBK%20D%C3%BCsseldorf\",\"status\":\"on\",\"txt_info\":\"2 Klicks f\\u00fcr mehr Datenschutz: Erst wenn Sie hier klicken, wird der Button aktiv und Sie k\\u00f6nnen Ihre Empfehlung an Twitter senden. Schon beim Aktivieren werden Daten an Dritte \\u00fcbertragen - siehe <em>i<\\\/em>.\",\"perma_option\":\"off\",\"language\":\"de\",\"referrer_track\":\"\"}},\"txt_help\":\"Wenn Sie diese Felder durch einen Klick aktivieren, werden Informationen an Facebook, Twitter, Flattr, Xing, t3n, LinkedIn, Pinterest oder Google eventuell ins Ausland \\u00fcbertragen und unter Umst\\u00e4nden auch dort gespeichert. N\\u00e4heres erfahren Sie durch einen Klick auf das <em>i<\\\/em>.\",\"settings_perma\":\"Dauerhaft aktivieren und Daten\\u00fcber-tragung zustimmen:\",\"info_link\":\"http:\\\/\\\/www.heise.de\\\/ct\\\/artikel\\\/2-Klicks-fuer-mehr-Datenschutz-1333879.html\",\"uri\":\"https:\\\/\\\/www.max-weber-berufskolleg.de\\\/web\\\/laufbahnberatung\\\/\",\"post_id\":5872,\"post_title_referrer_track\":\"Laufbahnberatung\",\"display_infobox\":\"on\"});}});\n\/* ]]> *\/<\/script><\/div>","protected":false},"excerpt":{"rendered":"<p>Liebe Sch\u00fclerinnen und Sch\u00fcler, die Zeit geht so schnell vorbei und schwups schon sind es ggf. nur noch wenige Monate bis zu Ihrem Abschluss. Und was folgt danach? \u00dcbernahme des Ausbildungsbetriebs, ein h\u00f6herer Schulabschluss, ein Studium, oder, oder, oder? M\u00f6glichkeiten gibt es viele, doch die passende L\u00f6sung f\u00fcr die individuellen Bed\u00fcrfnisse zu finden, ist nicht &#8230;<a class=\"post-readmore\" href=\"https:\/\/www.max-weber-berufskolleg.de\/web\/laufbahnberatung\/\">read more<\/a><\/p>\n","protected":false},"author":9,"featured_media":0,"parent":0,"menu_order":0,"comment_status":"closed","ping_status":"closed","template":"","meta":{"jetpack_post_was_ever_published":false,"footnotes":"","_expiration-date-status":"","_expiration-date":0,"_expiration-date-type":"","_expiration-date-categories":[],"_expiration-date-options":[]},"class_list":["post-5872","page","type-page","status-publish","hentry"],"jetpack-related-posts":[{"id":195,"url":"https:\/\/www.max-weber-berufskolleg.de\/web\/schuelerinformationen\/beratung\/schulsozialarbeit\/","url_meta":{"origin":5872,"position":0},"title":"Schulsozialarbeit","date":"30. Januar 2014","format":false,"excerpt":"Schulsozialarbeit am MWBK Manchmal gr\u00fcbelt man \u00fcber ein bestimmtes Problem oder man hat etwas erlebt, das einen nicht losl\u00e4sst. Der Kopf ist nicht mehr frei um zu lernen, denn die Gedanken drehen sich im Kreis. Wenn dann Freunde und Familie nicht so recht helfen k\u00f6nnen und man sich Bekannten vielleicht\u2026","rel":"","context":"\u00c4hnlicher Beitrag","img":{"alt_text":"","src":"https:\/\/i0.wp.com\/www.max-weber-berufskolleg.de\/web\/wp-content\/uploads\/2021\/01\/Schulsozial2021-300x289.png?resize=350%2C200&ssl=1","width":350,"height":200},"classes":[]},{"id":5595,"url":"https:\/\/www.max-weber-berufskolleg.de\/web\/bueromanagement-fom-sia\/","url_meta":{"origin":5872,"position":1},"title":"B\u00fcromanagement FOM (SiA)","date":"1. August 2020","format":false,"excerpt":"\u00a9BIBB FOM und Kaufmann\/-frau f\u00fcr B\u00fcromanagement studienintegrierende Ausbildung (SiA) \u00a0 Sie m\u00f6chten Ihrem zuk\u00fcnftigen Azubi erm\u00f6glichen, ein Studium in die Ausbildung zu integrieren? Dann kombinieren Sie die Ausbildung zum Kaufmann\/zur Kauffrau f\u00fcr B\u00fcromanagement mit dem Studiengang Business Administration an der FOM D\u00fcsseldorf! Was bedeutet studienintegrierende Ausbildung? Verk\u00fcrzte Ausbildungsdauer von 2,5\u2026","rel":"","context":"\u00c4hnlicher Beitrag","img":{"alt_text":"","src":"https:\/\/i0.wp.com\/www.max-weber-berufskolleg.de\/web\/wp-content\/uploads\/2023\/03\/sia-Buero.png?resize=350%2C200&ssl=1","width":350,"height":200},"classes":[]},{"id":7615,"url":"https:\/\/www.max-weber-berufskolleg.de\/web\/anmeldung-backup\/","url_meta":{"origin":5872,"position":2},"title":"Anmeldung (Backup)","date":"15. November 2022","format":false,"excerpt":"Die gesetzliche Grundlage f\u00fcr die Datenerhebung bei der Anmeldung und deren Weiterverarbeitung finden Sie hier. \u00a0 Auf Wunsch des Schultr\u00e4gers werden wir f\u00fcr die Anmeldungen zum Schuljahr 2023\/24 im Januar auf das Anmeldeportal Sch\u00fcler online wechseln. \u00a0 Daraus ergeben sich dann Ver\u00e4nderungen in der Anmeldung \u00fcber die wir Sie ab\u2026","rel":"","context":"\u00c4hnlicher Beitrag","img":{"alt_text":"","src":"","width":0,"height":0},"classes":[]},{"id":39,"url":"https:\/\/www.max-weber-berufskolleg.de\/web\/allgemeine-schulinfos\/berufsbildungswerk\/","url_meta":{"origin":5872,"position":3},"title":"Berufsbildungswerk","date":"1. Dezember 2013","format":false,"excerpt":"Das Berufsbildungswerk am Max-Weber-Berufskolleg bietet erg\u00e4nzende Kurse f\u00fcr Auszubildende an \u2013 praxisnah, direkt anwendbar und bezahlbar. Alle Erl\u00f6se kommen der Schule zugute. Die Erl\u00f6se flie\u00dfen nach Abzug des Dozentenhonorars vollst\u00e4ndig an die Schule und werden dort f\u00fcr z. B. Ausstattungen oder Software eingesetzt, die \u00fcber das hinausgehen, was der Schultr\u00e4ger\u2026","rel":"","context":"\u00c4hnlicher Beitrag","img":{"alt_text":"","src":"https:\/\/i0.wp.com\/www.max-weber-berufskolleg.de\/web\/wp-content\/uploads\/2026\/04\/Bildschirmfoto-2026-04-16-um-10.00.16.png?resize=350%2C200&ssl=1","width":350,"height":200},"classes":[]},{"id":7088,"url":"https:\/\/www.max-weber-berufskolleg.de\/web\/ffmifk\/","url_meta":{"origin":5872,"position":4},"title":"FFM + IFK","date":"1. Mai 2022","format":false,"excerpt":"\"Fit f\u00fcr mehr\" (FFM) Ab dem 1. Februar 2017 wird erg\u00e4nzend zu den verbesserten Zugangsm\u00f6glichkeiten in Weiterbildungskollegs an den Berufskollegs ein neues Bildungsangebot als weitere Option f\u00fcr neu zugewanderte Jugendliche im Alter von 16 bis 25 Jahren umgesetzt. Das Bildungsangebot tr\u00e4gt den Arbeitstitel \u201eFit f\u00fcr mehr\u201c (FFM) und ist den\u2026","rel":"","context":"\u00c4hnlicher Beitrag","img":{"alt_text":"","src":"https:\/\/i0.wp.com\/www.max-weber-berufskolleg.de\/web\/wp-content\/uploads\/2022\/08\/Ueberschrift-hinzufuegen-4.png?resize=350%2C200&ssl=1","width":350,"height":200},"classes":[]},{"id":145,"url":"https:\/\/www.max-weber-berufskolleg.de\/web\/allgemeine-schulinfos\/impressum\/","url_meta":{"origin":5872,"position":5},"title":"Impressum und Datenschutz","date":"25. April 2016","format":false,"excerpt":"Impressum und Datenschutzerkl\u00e4rung f\u00fcr die Nutzung dieser Website und unseren Social-Media-Angeboten \u00a0 Max-Weber-Berufskolleg St\u00e4dtische Schule f\u00fcr Wirtschaft und Verwaltung Schulleiterin: Sabine von Zedlitz-Neukirch Stellvertretende Schulleitung: Barbara Stieldorf Kontaktdaten: Anschrift Suitbertusstra\u00dfe 163-165 40223 D\u00fcsseldorf Telefon 0211 \/ 89273-40 0211 \/ 89273-41 0211 \/ 89273-42 Telefax 0211 \/ 8929159 E-Mail info@mwbk.nrw.schule Ansprechpartner\u2026","rel":"","context":"\u00c4hnlicher Beitrag","img":{"alt_text":"","src":"","width":0,"height":0},"classes":[]}],"jetpack_sharing_enabled":true,"_links":{"self":[{"href":"https:\/\/www.max-weber-berufskolleg.de\/web\/wp-json\/wp\/v2\/pages\/5872","targetHints":{"allow":["GET"]}}],"collection":[{"href":"https:\/\/www.max-weber-berufskolleg.de\/web\/wp-json\/wp\/v2\/pages"}],"about":[{"href":"https:\/\/www.max-weber-berufskolleg.de\/web\/wp-json\/wp\/v2\/types\/page"}],"author":[{"embeddable":true,"href":"https:\/\/www.max-weber-berufskolleg.de\/web\/wp-json\/wp\/v2\/users\/9"}],"replies":[{"embeddable":true,"href":"https:\/\/www.max-weber-berufskolleg.de\/web\/wp-json\/wp\/v2\/comments?post=5872"}],"version-history":[{"count":10,"href":"https:\/\/www.max-weber-berufskolleg.de\/web\/wp-json\/wp\/v2\/pages\/5872\/revisions"}],"predecessor-version":[{"id":8542,"href":"https:\/\/www.max-weber-berufskolleg.de\/web\/wp-json\/wp\/v2\/pages\/5872\/revisions\/8542"}],"wp:attachment":[{"href":"https:\/\/www.max-weber-berufskolleg.de\/web\/wp-json\/wp\/v2\/media?parent=5872"}],"curies":[{"name":"wp","href":"https:\/\/api.w.org\/{rel}","templated":true}]}}