{"id":6267,"date":"2021-03-24T08:10:26","date_gmt":"2021-03-24T07:10:26","guid":{"rendered":"https:\/\/www.max-weber-berufskolleg.de\/web\/?page_id=6267"},"modified":"2026-02-09T12:22:38","modified_gmt":"2026-02-09T11:22:38","slug":"regionales-bildungszentrum-duesseldorf","status":"publish","type":"page","link":"https:\/\/www.max-weber-berufskolleg.de\/web\/regionales-bildungszentrum-duesseldorf\/","title":{"rendered":"Regionales Bildungszentrum D\u00fcsseldorf"},"content":{"rendered":"<p>&nbsp;<\/p>\n<p style=\"text-align: justify;\"><img loading=\"lazy\" decoding=\"async\" data-attachment-id=\"9523\" data-permalink=\"https:\/\/www.max-weber-berufskolleg.de\/web\/regionales-bildungszentrum-duesseldorf\/bildschirmfoto-2026-02-09-um-12-15-44\/\" data-orig-file=\"https:\/\/i0.wp.com\/www.max-weber-berufskolleg.de\/web\/wp-content\/uploads\/2026\/02\/Bildschirmfoto-2026-02-09-um-12.15.44.png?fit=1292%2C768&amp;ssl=1\" data-orig-size=\"1292,768\" data-comments-opened=\"0\" data-image-meta=\"{&quot;aperture&quot;:&quot;0&quot;,&quot;credit&quot;:&quot;&quot;,&quot;camera&quot;:&quot;&quot;,&quot;caption&quot;:&quot;&quot;,&quot;created_timestamp&quot;:&quot;0&quot;,&quot;copyright&quot;:&quot;&quot;,&quot;focal_length&quot;:&quot;0&quot;,&quot;iso&quot;:&quot;0&quot;,&quot;shutter_speed&quot;:&quot;0&quot;,&quot;title&quot;:&quot;&quot;,&quot;orientation&quot;:&quot;0&quot;}\" data-image-title=\"Bildschirmfoto 2026-02-09 um 12.15.44\" data-image-description=\"\" data-image-caption=\"\" data-medium-file=\"https:\/\/i0.wp.com\/www.max-weber-berufskolleg.de\/web\/wp-content\/uploads\/2026\/02\/Bildschirmfoto-2026-02-09-um-12.15.44.png?fit=300%2C178&amp;ssl=1\" data-large-file=\"https:\/\/i0.wp.com\/www.max-weber-berufskolleg.de\/web\/wp-content\/uploads\/2026\/02\/Bildschirmfoto-2026-02-09-um-12.15.44.png?fit=1024%2C609&amp;ssl=1\" class=\"alignleft size-full wp-image-9523\" src=\"https:\/\/i0.wp.com\/www.max-weber-berufskolleg.de\/web\/wp-content\/uploads\/2026\/02\/Bildschirmfoto-2026-02-09-um-12.15.44.png?resize=1292%2C768&#038;ssl=1\" alt=\"\" width=\"1292\" height=\"768\" srcset=\"https:\/\/i0.wp.com\/www.max-weber-berufskolleg.de\/web\/wp-content\/uploads\/2026\/02\/Bildschirmfoto-2026-02-09-um-12.15.44.png?w=1292&amp;ssl=1 1292w, https:\/\/i0.wp.com\/www.max-weber-berufskolleg.de\/web\/wp-content\/uploads\/2026\/02\/Bildschirmfoto-2026-02-09-um-12.15.44.png?resize=300%2C178&amp;ssl=1 300w, https:\/\/i0.wp.com\/www.max-weber-berufskolleg.de\/web\/wp-content\/uploads\/2026\/02\/Bildschirmfoto-2026-02-09-um-12.15.44.png?resize=1024%2C609&amp;ssl=1 1024w, https:\/\/i0.wp.com\/www.max-weber-berufskolleg.de\/web\/wp-content\/uploads\/2026\/02\/Bildschirmfoto-2026-02-09-um-12.15.44.png?resize=768%2C457&amp;ssl=1 768w\" sizes=\"auto, (max-width: 1000px) 100vw, 1000px\" data-recalc-dims=\"1\" \/><\/p>\n<p>&nbsp;<\/p>\n<p style=\"font-weight: 400;\">D\u00fcsseldorfer Berufskollegs (DBK)<\/p>\n<p style=\"font-weight: 400;\">Das Max-Weber-Berufskolleg ist seit 01.08.2026 Mitglied im Netzwerk der D\u00fcsseldorfer Berufskollegs (DBK).<\/p>\n<p style=\"font-weight: 400;\">Kurzbeschreibung der Aufgaben des DBK<\/p>\n<p style=\"font-weight: 400;\">Die D\u00fcsseldorfer Berufskollegs arbeiten eng zusammen und verfolgen folgende Ziele:<\/p>\n<ul>\n<li style=\"font-weight: 400;\">Profilierung und Weiterentwicklung der Bildungsg\u00e4nge,<\/li>\n<li style=\"font-weight: 400;\">Angebot passender und innovativer Bildungsformate f\u00fcr die Sch\u00fclerinnen und Sch\u00fcler,<\/li>\n<li style=\"font-weight: 400;\">St\u00e4rkung der dualen Ausbildung,<\/li>\n<li style=\"font-weight: 400;\">Schaffung wettbewerbssichernder regionaler Aus- und Weiterbildungsm\u00f6glichkeiten f\u00fcr die Region (z.B. mit einem Fachschulstudium auf DQR 6),<\/li>\n<li style=\"font-weight: 400;\">Professionalisierung der Lehrkr\u00e4fte durch zielgerichtete Fortbildungen,<\/li>\n<li style=\"font-weight: 400;\">Weiterentwicklung der Berufskollegs durch Implementation digitaler Innovationen in der beruflichen Bildung,<\/li>\n<li style=\"font-weight: 400;\">Integration zugewanderter Menschen in den Ausbildungs- und Arbeitsmarkt,<\/li>\n<li style=\"font-weight: 400;\">F\u00f6rderung der Pers\u00f6nlichkeitsentwicklung, besonders in Hinsicht auf Demokratiebildung, Vielfalt und Nachhaltigkeit.<\/li>\n<\/ul>\n<p style=\"font-weight: 400;\">Hier der Link zur gemeinsamen Homepage: <a href=\"https:\/\/duesseldorfer-berufskollegs.de\/\" target=\"_blank\" rel=\"noopener\">D\u00fcsseldorfer Berufskollegs<\/a><\/p>\n<p>&nbsp;<\/p>\n<p style=\"font-weight: 400;\">Hinweis zum Bildungsangebot der D\u00fcsseldorfer Berufskollegs:<\/p>\n<p><img loading=\"lazy\" decoding=\"async\" data-attachment-id=\"9524\" data-permalink=\"https:\/\/www.max-weber-berufskolleg.de\/web\/regionales-bildungszentrum-duesseldorf\/bildschirmfoto-2026-02-09-um-12-20-01\/\" data-orig-file=\"https:\/\/i0.wp.com\/www.max-weber-berufskolleg.de\/web\/wp-content\/uploads\/2026\/02\/Bildschirmfoto-2026-02-09-um-12.20.01.png?fit=1712%2C1040&amp;ssl=1\" data-orig-size=\"1712,1040\" data-comments-opened=\"0\" data-image-meta=\"{&quot;aperture&quot;:&quot;0&quot;,&quot;credit&quot;:&quot;&quot;,&quot;camera&quot;:&quot;&quot;,&quot;caption&quot;:&quot;&quot;,&quot;created_timestamp&quot;:&quot;0&quot;,&quot;copyright&quot;:&quot;&quot;,&quot;focal_length&quot;:&quot;0&quot;,&quot;iso&quot;:&quot;0&quot;,&quot;shutter_speed&quot;:&quot;0&quot;,&quot;title&quot;:&quot;&quot;,&quot;orientation&quot;:&quot;0&quot;}\" data-image-title=\"Bildschirmfoto 2026-02-09 um 12.20.01\" data-image-description=\"\" data-image-caption=\"\" data-medium-file=\"https:\/\/i0.wp.com\/www.max-weber-berufskolleg.de\/web\/wp-content\/uploads\/2026\/02\/Bildschirmfoto-2026-02-09-um-12.20.01.png?fit=300%2C182&amp;ssl=1\" data-large-file=\"https:\/\/i0.wp.com\/www.max-weber-berufskolleg.de\/web\/wp-content\/uploads\/2026\/02\/Bildschirmfoto-2026-02-09-um-12.20.01.png?fit=1024%2C622&amp;ssl=1\" class=\"alignleft size-full wp-image-9524\" src=\"https:\/\/i0.wp.com\/www.max-weber-berufskolleg.de\/web\/wp-content\/uploads\/2026\/02\/Bildschirmfoto-2026-02-09-um-12.20.01.png?resize=1712%2C1040&#038;ssl=1\" alt=\"\" width=\"1712\" height=\"1040\" srcset=\"https:\/\/i0.wp.com\/www.max-weber-berufskolleg.de\/web\/wp-content\/uploads\/2026\/02\/Bildschirmfoto-2026-02-09-um-12.20.01.png?w=1712&amp;ssl=1 1712w, https:\/\/i0.wp.com\/www.max-weber-berufskolleg.de\/web\/wp-content\/uploads\/2026\/02\/Bildschirmfoto-2026-02-09-um-12.20.01.png?resize=300%2C182&amp;ssl=1 300w, https:\/\/i0.wp.com\/www.max-weber-berufskolleg.de\/web\/wp-content\/uploads\/2026\/02\/Bildschirmfoto-2026-02-09-um-12.20.01.png?resize=1024%2C622&amp;ssl=1 1024w, https:\/\/i0.wp.com\/www.max-weber-berufskolleg.de\/web\/wp-content\/uploads\/2026\/02\/Bildschirmfoto-2026-02-09-um-12.20.01.png?resize=768%2C467&amp;ssl=1 768w, https:\/\/i0.wp.com\/www.max-weber-berufskolleg.de\/web\/wp-content\/uploads\/2026\/02\/Bildschirmfoto-2026-02-09-um-12.20.01.png?resize=1536%2C933&amp;ssl=1 1536w\" sizes=\"auto, (max-width: 1000px) 100vw, 1000px\" data-recalc-dims=\"1\" \/><\/p>\n<p>&nbsp;<\/p>\n<p style=\"font-weight: 400;\">Weitere Informationen finden Sie unter dem folgenden Link: <a href=\"https:\/\/biwenav.de\/weg\/start\/\" target=\"_blank\" rel=\"noopener\">BIWENAV &#8211; Start<\/a><\/p>\n<p>&nbsp;<\/p>\n<div class=\"twoclick_social_bookmarks_post_6267 social_share_privacy clearfix 1.6.4 locale-de_DE sprite-de_DE\"><\/div><div class=\"twoclick-js\"><script type=\"text\/javascript\">\/* <![CDATA[ *\/\njQuery(document).ready(function($){if($('.twoclick_social_bookmarks_post_6267')){$('.twoclick_social_bookmarks_post_6267').socialSharePrivacy({\"services\":{\"facebook\":{\"status\":\"on\",\"txt_info\":\"2 Klicks f\\u00fcr mehr Datenschutz: Erst wenn Sie hier klicken, wird der Button aktiv und Sie k\\u00f6nnen Ihre Empfehlung an Facebook senden. Schon beim Aktivieren werden Daten an Dritte \\u00fcbertragen - siehe <em>i<\\\/em>.\",\"perma_option\":\"off\",\"action\":\"recommend\",\"language\":\"de_DE\"},\"twitter\":{\"reply_to\":\"\",\"tweet_text\":\"Regionales%20Bildungszentrum%20D%C3%BCsseldorf%20%C2%BB%20MWBK%20D%C3%BCsseldorf\",\"status\":\"on\",\"txt_info\":\"2 Klicks f\\u00fcr mehr Datenschutz: Erst wenn Sie hier klicken, wird der Button aktiv und Sie k\\u00f6nnen Ihre Empfehlung an Twitter senden. Schon beim Aktivieren werden Daten an Dritte \\u00fcbertragen - siehe <em>i<\\\/em>.\",\"perma_option\":\"off\",\"language\":\"de\",\"referrer_track\":\"\"}},\"txt_help\":\"Wenn Sie diese Felder durch einen Klick aktivieren, werden Informationen an Facebook, Twitter, Flattr, Xing, t3n, LinkedIn, Pinterest oder Google eventuell ins Ausland \\u00fcbertragen und unter Umst\\u00e4nden auch dort gespeichert. N\\u00e4heres erfahren Sie durch einen Klick auf das <em>i<\\\/em>.\",\"settings_perma\":\"Dauerhaft aktivieren und Daten\\u00fcber-tragung zustimmen:\",\"info_link\":\"http:\\\/\\\/www.heise.de\\\/ct\\\/artikel\\\/2-Klicks-fuer-mehr-Datenschutz-1333879.html\",\"uri\":\"https:\\\/\\\/www.max-weber-berufskolleg.de\\\/web\\\/regionales-bildungszentrum-duesseldorf\\\/\",\"post_id\":6267,\"post_title_referrer_track\":\"Regionales+Bildungszentrum+D%C3%BCsseldorf\",\"display_infobox\":\"on\"});}});\n\/* ]]> *\/<\/script><\/div>","protected":false},"excerpt":{"rendered":"<p>&nbsp; &nbsp; D\u00fcsseldorfer Berufskollegs (DBK) Das Max-Weber-Berufskolleg ist seit 01.08.2026 Mitglied im Netzwerk der D\u00fcsseldorfer Berufskollegs (DBK). Kurzbeschreibung der Aufgaben des DBK Die D\u00fcsseldorfer Berufskollegs arbeiten eng zusammen und verfolgen folgende Ziele: Profilierung und Weiterentwicklung der Bildungsg\u00e4nge, Angebot passender und innovativer Bildungsformate f\u00fcr die Sch\u00fclerinnen und Sch\u00fcler, St\u00e4rkung der dualen Ausbildung, Schaffung wettbewerbssichernder regionaler Aus- &#8230;<a class=\"post-readmore\" href=\"https:\/\/www.max-weber-berufskolleg.de\/web\/regionales-bildungszentrum-duesseldorf\/\">read more<\/a><\/p>\n","protected":false},"author":9,"featured_media":0,"parent":0,"menu_order":0,"comment_status":"closed","ping_status":"closed","template":"","meta":{"jetpack_post_was_ever_published":false,"footnotes":"","_expiration-date-status":"","_expiration-date":0,"_expiration-date-type":"","_expiration-date-categories":[],"_expiration-date-options":[]},"class_list":["post-6267","page","type-page","status-publish","hentry"],"jetpack-related-posts":[{"id":2375,"url":"https:\/\/www.max-weber-berufskolleg.de\/web\/allgemeine-schulinfos\/jubilaeum\/","url_meta":{"origin":6267,"position":0},"title":"Jubil\u00e4um &#8211; Das Max-Weber-Berufskolleg wurde 50 Jahre jung!","date":"1. Mai 2017","format":false,"excerpt":"Max-Weber- und Walter-Eucken-Berufskolleg feiern 50. Geburtstag 250 G\u00e4ste kamen zum Festakt Im Februar 1967 besuchten \u00fcber 7.000 Sch\u00fcler die damit gr\u00f6\u00dfte kaufm\u00e4nnische Schule in Nordrhein-Westfalen. Da bei dieser Sch\u00fclerzahl eine vern\u00fcnftige Steuerung unm\u00f6glich war, beschloss der Rat der Stadt die Trennung der Schulen. So entstanden im Herbst 1967 die Kaufm\u00e4nnische\u2026","rel":"","context":"\u00c4hnlicher Beitrag","img":{"alt_text":"","src":"https:\/\/i0.wp.com\/www.max-weber-berufskolleg.de\/web\/wp-content\/uploads\/2017\/11\/Collage-Schulgeburtstag-klein.jpg?fit=446%2C445&ssl=1&resize=350%2C200","width":350,"height":200},"classes":[]},{"id":37,"url":"https:\/\/www.max-weber-berufskolleg.de\/web\/allgemeine-schulinfos\/kooperationen\/","url_meta":{"origin":6267,"position":1},"title":"Kooperationen","date":"1. Dezember 2013","format":false,"excerpt":"Realschule Benrath Mit der Verabschiedung einer Kooperationsvereinbarung im Oktober 2011 wurde die erfolgreiche Zusammenarbeit\u00a0beider Schulen besiegelt. Ziel ist es dabei, Absolventinnen und Absolventen der Realschule den \u00dcbergang in die Bildungsg\u00e4nge des Max-Weber-Berufskollegs zu erleichtern. Das Berufs\u00adorientierungsteam (BO-Team) unter der Leitung von Barbara Humt stellt f\u00fcr die Realschule Benrath feste An\u00adsprechpartner,\u2026","rel":"","context":"\u00c4hnlicher Beitrag","img":{"alt_text":"","src":"https:\/\/i0.wp.com\/www.max-weber-berufskolleg.de\/web\/wp-content\/uploads\/2023\/01\/sia.png?resize=350%2C200&ssl=1","width":350,"height":200},"classes":[]},{"id":33,"url":"https:\/\/www.max-weber-berufskolleg.de\/web\/allgemeine-schulinfos\/geschichte\/","url_meta":{"origin":6267,"position":2},"title":"Geschichte","date":"1. Dezember 2013","format":false,"excerpt":"Das Max-Weber-Berufskolleg konnte zusammen mit den anderen Berufsbildenden Schulen D\u00fcsseldorfs im Jahre 2003 das 100-j\u00e4hrige Bestehen des D\u00fcsseldorfer Berufsschulwesens feiern. Die historischen Wurzeln der Schule liegen in der Sonntagsschule von 1838 (Vermittlung von Berufskenntnissen f\u00fcr schulentlassene Jugendliche), vor allem aber in der obligatorischen Fortbildungsschule von 1902 (zwei-, sp\u00e4ter dreij\u00e4hrige Pflichtschule\u2026","rel":"","context":"\u00c4hnlicher Beitrag","img":{"alt_text":"","src":"","width":0,"height":0},"classes":[]},{"id":102,"url":"https:\/\/www.max-weber-berufskolleg.de\/web\/schuelerinformationen\/schuelervertretung\/","url_meta":{"origin":6267,"position":3},"title":"Sch\u00fclervertretung","date":"1. Dezember 2013","format":false,"excerpt":"Aufgabe der Sch\u00fclervertretung ist es, die Interessen der Sch\u00fclerinnen und Sch\u00fcler des Max-Weber-Berufskollegs wahrzunehmen. Die Organe der Sch\u00fclervertretung sind der Sch\u00fclerrat (Konferenz der Klassensprecher aller Klassen) die Sch\u00fclersprecherin\/der Sch\u00fclersprecher und ihre\/seine Vertreter (Wahl durch Sch\u00fclerrat) die 3 Verbindungslehrer (werden durch den Sch\u00fclerrat gew\u00e4hlt) die Sch\u00fclerversammlung (alle Sch\u00fcler des Max-Weber-Berufskollegs), sie\u2026","rel":"","context":"\u00c4hnlicher Beitrag","img":{"alt_text":"","src":"","width":0,"height":0},"classes":[]},{"id":197,"url":"https:\/\/www.max-weber-berufskolleg.de\/web\/schuelerinformationen\/beratung\/staedt-beratungsstellen\/","url_meta":{"origin":6267,"position":4},"title":"St\u00e4dt. Beratungsstellen","date":"30. Januar 2014","format":false,"excerpt":"Zentrum f\u00fcr Schulpsychologie\u00a0der Stadt D\u00fcsseldorf, Amt 40\/601 Willi-Becker-Allee 10, 40227 D\u00fcsseldorf Telefon Sekretariat: 0211 8995340 Ansprechpartnerin: Frau Dipl.-Psychologin Stefanie\u00a0Kl\u00f6cker, 0211 8995354, E-Mail:\u00a0stefanie.kloecker@duesseldorf.de \u00a0 F\u00fcr n\u00e4here Informationen verweisen wir auf folgende Internetseite: www.duesseldorf.de\/schulpsychologie\/ \u00a0 Ausbildungsf\u00f6rderung Amt f\u00fcr soziale Sicherung und Integration - Abteilung f\u00fcr Ausbildungsf\u00f6rderung - , Willi-Becker-Allee 6-8, 40227 D\u00fcsseldorf\u2026","rel":"","context":"\u00c4hnlicher Beitrag","img":{"alt_text":"","src":"","width":0,"height":0},"classes":[]},{"id":2492,"url":"https:\/\/www.max-weber-berufskolleg.de\/web\/zq-datev-fibu-praxistage\/","url_meta":{"origin":6267,"position":5},"title":"ZQ DATEV-Fibu-Praxistage","date":"15. Mai 2017","format":false,"excerpt":"F\u00fcr Bildungsg\u00e4nge: Steuerfachangestellte Bachelor Taxation Dual Dauer: Zu Beginn des Schuljahres in Blockform f\u00fcr die BTAX-Klassen. F\u00fcr die \u00fcbrigen Klassen im ersten Halbjahr der Unterstufe. Pr\u00fcfung: - Ansprechpartner: S\u00f6ren S\u00f6rensen (zusatzquali@mwbk.nrw.schule) Jedes Jahr zu Beginn des Schuljahres finden f\u00fcr die Bachelor-Taxation-Klassen die Fibu-Praxistage innerhalb von 2,5 Tagen statt. F\u00fcr Sch\u00fclerinnen\u2026","rel":"","context":"\u00c4hnlicher Beitrag","img":{"alt_text":"","src":"","width":0,"height":0},"classes":[]}],"jetpack_sharing_enabled":true,"_links":{"self":[{"href":"https:\/\/www.max-weber-berufskolleg.de\/web\/wp-json\/wp\/v2\/pages\/6267","targetHints":{"allow":["GET"]}}],"collection":[{"href":"https:\/\/www.max-weber-berufskolleg.de\/web\/wp-json\/wp\/v2\/pages"}],"about":[{"href":"https:\/\/www.max-weber-berufskolleg.de\/web\/wp-json\/wp\/v2\/types\/page"}],"author":[{"embeddable":true,"href":"https:\/\/www.max-weber-berufskolleg.de\/web\/wp-json\/wp\/v2\/users\/9"}],"replies":[{"embeddable":true,"href":"https:\/\/www.max-weber-berufskolleg.de\/web\/wp-json\/wp\/v2\/comments?post=6267"}],"version-history":[{"count":7,"href":"https:\/\/www.max-weber-berufskolleg.de\/web\/wp-json\/wp\/v2\/pages\/6267\/revisions"}],"predecessor-version":[{"id":9525,"href":"https:\/\/www.max-weber-berufskolleg.de\/web\/wp-json\/wp\/v2\/pages\/6267\/revisions\/9525"}],"wp:attachment":[{"href":"https:\/\/www.max-weber-berufskolleg.de\/web\/wp-json\/wp\/v2\/media?parent=6267"}],"curies":[{"name":"wp","href":"https:\/\/api.w.org\/{rel}","templated":true}]}}